{"id":22,"date":"2020-11-14T20:37:01","date_gmt":"2020-11-15T00:37:01","guid":{"rendered":"http:\/\/projects.upei.ca\/cef\/?page_id=22"},"modified":"2020-11-25T16:33:27","modified_gmt":"2020-11-25T20:33:27","slug":"annonces","status":"publish","type":"page","link":"http:\/\/projects.upei.ca\/cef\/annonces\/","title":{"rendered":"Annonces \/ Announcements"},"content":{"rendered":"\n<figure class=\"wp-block-pullquote\"><blockquote><p><strong>French at work!<\/strong><\/p><\/blockquote><\/figure>\n\n\n\n<p>On December 2, 2020, the UPEI Center of Excellence in French, in<br>collaboration with the PEI Public Service Commission, will be leading a<br>focus group for employees who have studied in French or in French<br>immersion or have at least a Beginner 3 to Advanced level according to<br>the UPEI French Placement Test<br>(<a rel=\"noreferrer noopener\" href=\"https:\/\/www.upei.ca\/professional-development\/french-placement-test\" target=\"_blank\">https:\/\/www.upei.ca\/professional-development\/french-placement-test<\/a>).<\/p>\n\n\n\n<p>This workshop will allow us to better understand your needs and provide<br>feedback to help us better deliver our French Language Training<br>Services. Come talk to us about any difficulties you encounter when you<br>have to speak French in public, your interaction strategies and your<br>tips for keeping your knowledge of French active. Ask us your questions<br>and let us know what activities you would like to participate in to keep<br>your French alive!<\/p>\n\n\n\n<p>UPEI&rsquo;s French Center of Excellence offers solutions to meet your needs<br>and concerns through innovative programming for public service and<br>Health PEI employees who wish to improve or maintain their French<br>language skills. You will be able to (re) discover the French language<br>resources available to you and improve your self-confidence when the<br>time comes to actively offering service in French as part of your work.<\/p>\n\n\n\n<p>The online workshop will be offered twice, on Wednesday, December 2, at<br>the following times:<\/p>\n\n\n\n<p>\u2022 From 8:30 a.m. to 10:00 a.m.<\/p>\n\n\n\n<p>\u2022 From 7:00 p.m. to 8:30 p.m.<\/p>\n\n\n\n<p>The workshop is free, but you will need to register by completing the<br>attached registration form and emailing it to<br><a href=\"mailto:frenchlanguagetraining@gov.pe.ca\" target=\"_blank\" rel=\"noreferrer noopener\">frenchlanguagetraining@gov.pe.ca<\/a>&nbsp;before 4 p.m. on Friday, November<br>27. A link will be sent to you on December 1 for you to access the<br>workshop at your preferred time. The number of registrations is limited,<br>so register soon!<\/p>\n\n\n\n<figure class=\"wp-block-pullquote\"><blockquote><p><strong>Le fran\u00e7ais au travail<\/strong><\/p><\/blockquote><\/figure>\n\n\n\n<p>Groupe de discussion pour les employ\u00e9s qui ont \u00e9tudi\u00e9 dans un programme<br>d&rsquo;immersion<\/p>\n\n\n\n<p>Le 2 d\u00e9cembre prochain, le Centre d\u2019excellence en fran\u00e7ais de UPEI, en<br>collaboration avec la Commission de la fonction publique \u00ceP\u00c9, m\u00e8nera un<br>groupe de discussion pour les employ\u00e9s qui ont fait l\u2019\u00e9cole en fran\u00e7ais,<br>en immersion fran\u00e7aise ou qui ont des connaissances de la langue de<br>niveau D\u00e9butant 3 \u00e0 Avanc\u00e9 selon le UPEI French Placement Test for<br>Professional Development<br>(<a href=\"https:\/\/www.upei.ca\/professional-development\/french-placement-test\" rel=\"noreferrer noopener\" target=\"_blank\">https:\/\/www.upei.ca\/professional-development\/french-placement-test<\/a>).<\/p>\n\n\n\n<p>Ce groupe de discussion nous permettra de mieux conna\u00eetre vos besoins<br>et votre r\u00e9alit\u00e9. Venez nous parler des difficult\u00e9s que vous rencontrez<br>lorsque vous devez parler en fran\u00e7ais en public, de vos strat\u00e9gies<br>d\u2019interaction et de vos trucs pour garder votre connaissance du<br>fran\u00e7ais active. Posez-nous vos questions et faites-nous part des<br>activit\u00e9s auxquelles vous aimeriez participer pour garder votre fran\u00e7ais<br>vivant !<\/p>\n\n\n\n<p>Le Centre d\u2019excellence en fran\u00e7ais de UPEI propose de r\u00e9pondre \u00e0 vos<br>besoins et inqui\u00e9tudes gr\u00e2ce \u00e0 une programmation innovante destin\u00e9e aux<br>employ\u00e9s de la fonction publique et de Sant\u00e9 \u00ceP\u00c9 qui d\u00e9sirent am\u00e9liorer<br>ou maintenir leurs comp\u00e9tences langagi\u00e8res en fran\u00e7ais. Vous pourrez<br>ainsi (re)d\u00e9couvrir les ressources de la langue fran\u00e7aise qui sont \u00e0<br>votre disposition et am\u00e9liorer votre confiance en vous lorsque vient le<br>temps de proposer activement un service en fran\u00e7ais dans le cadre de<br>votre travail.<\/p>\n\n\n\n<p>Le m\u00eame atelier sera offert en ligne deux fois le mercredi 2 d\u00e9cembre<br>aux heures suivantes:<\/p>\n\n\n\n<p>\u00b7 de 8h30 \u00e0 10h<\/p>\n\n\n\n<p>\u00b7 de 19h \u00e0 20h30.<\/p>\n\n\n\n<p>L&rsquo;atelier est gratuit, mais vous devrez vous inscrire en remplissant le<br>formulaire d&rsquo;inscription ci-joint et en l&rsquo;envoyant par courriel \u00e0<br><a href=\"mailto:frenchlanguagetraining@gov.pe.ca\" target=\"_blank\" rel=\"noreferrer noopener\">frenchlanguagetraining@gov.pe.ca<\/a>&nbsp;avant 16 h le vendredi 27 novembre.<br>Un lien vous sera envoy\u00e9 le 1er d\u00e9cembre pour que vous puissiez acc\u00e9der \u00e0<br>l&rsquo;atelier \u00e0 l&rsquo;heure de votre choix. Le nombre d&rsquo;inscriptions est limit\u00e9,<br>alors inscrivez-vous vite!<\/p>\n\n\n\n<p><\/p>\n","protected":false},"excerpt":{"rendered":"<p>French at work! On December 2, 2020, the UPEI Center of Excellence in French, incollaboration with the PEI Public Service Commission, will be leading afocus group for employees who have studied in French or in Frenchimmersion or have at least &hellip; <a href=\"http:\/\/projects.upei.ca\/cef\/annonces\/\">Continue reading <span class=\"meta-nav\">&rarr;<\/span><\/a><\/p>\n","protected":false},"author":225,"featured_media":0,"parent":0,"menu_order":0,"comment_status":"closed","ping_status":"closed","template":"","meta":{"footnotes":""},"tags":[],"_links":{"self":[{"href":"http:\/\/projects.upei.ca\/cef\/wp-json\/wp\/v2\/pages\/22"}],"collection":[{"href":"http:\/\/projects.upei.ca\/cef\/wp-json\/wp\/v2\/pages"}],"about":[{"href":"http:\/\/projects.upei.ca\/cef\/wp-json\/wp\/v2\/types\/page"}],"author":[{"embeddable":true,"href":"http:\/\/projects.upei.ca\/cef\/wp-json\/wp\/v2\/users\/225"}],"replies":[{"embeddable":true,"href":"http:\/\/projects.upei.ca\/cef\/wp-json\/wp\/v2\/comments?post=22"}],"version-history":[{"count":10,"href":"http:\/\/projects.upei.ca\/cef\/wp-json\/wp\/v2\/pages\/22\/revisions"}],"predecessor-version":[{"id":109,"href":"http:\/\/projects.upei.ca\/cef\/wp-json\/wp\/v2\/pages\/22\/revisions\/109"}],"wp:attachment":[{"href":"http:\/\/projects.upei.ca\/cef\/wp-json\/wp\/v2\/media?parent=22"}],"wp:term":[{"taxonomy":"post_tag","embeddable":true,"href":"http:\/\/projects.upei.ca\/cef\/wp-json\/wp\/v2\/tags?post=22"}],"curies":[{"name":"wp","href":"https:\/\/api.w.org\/{rel}","templated":true}]}}